{"id":20,"date":"2025-08-17T12:42:23","date_gmt":"2025-08-17T12:42:23","guid":{"rendered":"https:\/\/festivalgrandwest.com\/?page_id=20"},"modified":"2025-09-06T20:07:48","modified_gmt":"2025-09-06T20:07:48","slug":"le-festival","status":"publish","type":"page","link":"https:\/\/festivalgrandwest.com\/en\/le-festival\/","title":{"rendered":"Le festival"},"content":{"rendered":"<div class=\"wp-block-columns is-layout-flex wp-container-core-columns-is-layout-9d6595d7 wp-block-columns-is-layout-flex\">\n<div class=\"wp-block-column is-layout-flow wp-block-column-is-layout-flow\">\n<figure data-wp-context=\"{&quot;imageId&quot;:&quot;69f3bb7511c01&quot;}\" data-wp-interactive=\"core\/image\" data-wp-key=\"69f3bb7511c01\" class=\"wp-block-image size-full wp-lightbox-container\"><img decoding=\"async\" width=\"1810\" height=\"2560\" data-wp-class--hide=\"state.isContentHidden\" data-wp-class--show=\"state.isContentVisible\" data-wp-init=\"callbacks.setButtonStyles\" data-wp-on--click=\"actions.showLightbox\" data-wp-on--load=\"callbacks.setButtonStyles\" data-wp-on-window--resize=\"callbacks.setButtonStyles\" src=\"https:\/\/festivalgrandwest.com\/wp-content\/uploads\/2025\/09\/affiche-GW-2025-A4.jpg\" alt=\"\" class=\"wp-image-651\" srcset=\"https:\/\/festivalgrandwest.com\/wp-content\/uploads\/2025\/09\/affiche-GW-2025-A4.jpg 1810w, https:\/\/festivalgrandwest.com\/wp-content\/uploads\/2025\/09\/affiche-GW-2025-A4-212x300.jpg 212w, https:\/\/festivalgrandwest.com\/wp-content\/uploads\/2025\/09\/affiche-GW-2025-A4-724x1024.jpg 724w, https:\/\/festivalgrandwest.com\/wp-content\/uploads\/2025\/09\/affiche-GW-2025-A4-768x1086.jpg 768w, https:\/\/festivalgrandwest.com\/wp-content\/uploads\/2025\/09\/affiche-GW-2025-A4-1086x1536.jpg 1086w, https:\/\/festivalgrandwest.com\/wp-content\/uploads\/2025\/09\/affiche-GW-2025-A4-1448x2048.jpg 1448w\" sizes=\"(max-width: 1810px) 100vw, 1810px\" \/><button\n\t\t\tclass=\"lightbox-trigger\"\n\t\t\ttype=\"button\"\n\t\t\taria-haspopup=\"dialog\"\n\t\t\taria-label=\"Enlarge\"\n\t\t\tdata-wp-init=\"callbacks.initTriggerButton\"\n\t\t\tdata-wp-on--click=\"actions.showLightbox\"\n\t\t\tdata-wp-style--right=\"state.imageButtonRight\"\n\t\t\tdata-wp-style--top=\"state.imageButtonTop\"\n\t\t>\n\t\t\t<svg xmlns=\"http:\/\/www.w3.org\/2000\/svg\" width=\"12\" height=\"12\" fill=\"none\" viewbox=\"0 0 12 12\">\n\t\t\t\t<path fill=\"#fff\" d=\"M2 0a2 2 0 0 0-2 2v2h1.5V2a.5.5 0 0 1 .5-.5h2V0H2Zm2 10.5H2a.5.5 0 0 1-.5-.5V8H0v2a2 2 0 0 0 2 2h2v-1.5ZM8 12v-1.5h2a.5.5 0 0 0 .5-.5V8H12v2a2 2 0 0 1-2 2H8Zm2-12a2 2 0 0 1 2 2v2h-1.5V2a.5.5 0 0 0-.5-.5H8V0h2Z\" \/>\n\t\t\t<\/svg>\n\t\t<\/button><\/figure>\n<\/div>\n\n\n\n<div class=\"wp-block-column is-layout-flow wp-block-column-is-layout-flow\">\n<p class=\"has-text-align-left has-colibri-color-6-color has-text-color has-link-color wp-elements-7dc67ca08506a9a928b3090cd61a80fd\" style=\"font-size:33px;font-style:normal;font-weight:700\">Le Festival Grand West<\/p>\n\n\n\n<p class=\"has-colibri-color-6-color has-text-color has-link-color wp-elements-5df84622675f47a924017486520a8ec7\">Le Festival Grand West est n\u00e9 en 2020 \u00e0 <strong>Quiberon<\/strong> (Morbihan). L&rsquo;id\u00e9e de d\u00e9part, port\u00e9e par le <strong>cin\u00e9ma le Paradis<\/strong> et la <strong>librairie de Port Maria<\/strong> \u00e9tait d&#8217;emmener le public au c\u0153ur du grand ouest am\u00e9ricain avec des <strong>livres <\/strong>et des <strong>films<\/strong>. Relier le \u00ab\u00a0Petit Ouest Breton\u00a0\u00bb au cousin outre atlantique, \u00ab\u00a0Grand West\u00a0\u00bb.&nbsp;<\/p>\n\n\n\n<p class=\"has-colibri-color-6-color has-text-color has-link-color wp-elements-2622faee3a35e4ee7cbba6bd6395c286\">En 2021, le cin\u00e9ma poursuit l&rsquo;aventure, avec le soutien de la librairie. Cette seconde \u00e9dition voit l&rsquo;arriv\u00e9e des <strong>Am\u00e9rindiens<\/strong>, m\u00eame s&rsquo;ils ne sont pas physiquement pr\u00e9sents, ils sont au c\u0153ur des \u00e9changes, des projections et des rencontres litt\u00e9raires.&nbsp;<\/p>\n\n\n\n<p class=\"has-colibri-color-6-color has-text-color has-link-color wp-elements-7417bb02138cfd5b8b97bd92af67323d\">Apr\u00e8s une pause en 2022, le temps de se recentrer sur l&rsquo;identit\u00e9 v\u00e9ritable et la raison d&rsquo;\u00eatre du festival, il est d\u00e9cid\u00e9 que l&rsquo;\u00e9dition 2023 puis les suivantes mettraient les <strong>peuples am\u00e9rindiens des \u00c9tats-Unis et du Canada<\/strong> au c\u0153ur du festival, en leur pr\u00e9sence, pour ne plus parler \u00e0 leur place mais avec eux.<\/p>\n\n\n\n<p class=\"has-colibri-color-6-color has-text-color has-link-color wp-elements-76610cf7dd590ebfd6537060dc6f96c5\">Ainsi, tous les deux ans d\u00e9sormais, Grand West accueille \u00e0 Quiberon des repr\u00e9sentants des diff\u00e9rentes nations am\u00e9rindiennes pour parler avec eux de leur <strong>Histoire<\/strong>, de leurs histoires, de la <strong>renaissance <\/strong>de leurs <strong>cultures <\/strong>et du r\u00f4le qu&rsquo;ils entendent d\u00e9sormais tenir dans notre <strong>soci\u00e9t\u00e9<\/strong>.&nbsp;<\/p>\n\n\n\n<p class=\"has-colibri-color-6-color has-text-color has-link-color wp-elements-0af20cb54e7792130644447d7d6f83e8\">Cinq jours durant, le festival, qui se d\u00e9roule au Cin\u00e9ma le Paradis, donne \u00e0 entendre d&rsquo;autres voix d&rsquo;Am\u00e9rique, des voix qui ont des choses \u00e0 nous dire pour aller peut-\u00eatre mieux et pour prendre d&rsquo;avantage soin de ce qui nous entoure, v\u00e9g\u00e9tal et animal.&nbsp;<\/p>\n\n\n\n<p class=\"has-colibri-color-6-color has-text-color has-link-color wp-elements-e0e6b21a185ebf6f07564a594a325277\"><strong>\u00ab\u00a0We are still here\u00a0\u00bb <\/strong>(nous sommes toujours l\u00e0) ne cessent de marteler ces peuples. Donnons-leur la parole et \u00e9coutons-les.<\/p>\n\n\n\n<div class=\"wp-block-buttons is-layout-flex wp-block-buttons-is-layout-flex\">\n<div class=\"wp-block-button\"><a class=\"wp-block-button__link wp-element-button\" href=\"https:\/\/festivalgrandwest.com\/en\/programmation-2025\/\">\u2b07\ufe0f Programme \ud83c\uddeb\ud83c\uddf7<\/a><\/div>\n\n\n\n<div class=\"wp-block-button\"><a class=\"wp-block-button__link wp-element-button\" href=\"https:\/\/festivalgrandwest.com\/wp-content\/uploads\/2025\/09\/US-Program-GW-2025.pdf\" target=\"_blank\" rel=\"noreferrer noopener\">\u2b07\ufe0f Program \ud83c\uddfa\ud83c\uddf8<\/a><\/div>\n<\/div>\n<\/div>\n<\/div>\n\n\n\n<div style=\"height:100px\" aria-hidden=\"true\" class=\"wp-block-spacer\"><\/div>\n\n\n\n<p class=\"has-colibri-color-6-color has-text-color has-link-color wp-elements-e6761776449f0c3a484f353c43bb1fcc\" style=\"font-size:33px;font-style:normal;font-weight:700\"><strong>Fran\u00e7ois Busnel, notre parrain<\/strong><\/p>\n\n\n\n<div style=\"height:11px\" aria-hidden=\"true\" class=\"wp-block-spacer\"><\/div>\n\n\n\n<div class=\"wp-block-columns is-layout-flex wp-container-core-columns-is-layout-9d6595d7 wp-block-columns-is-layout-flex\">\n<div class=\"wp-block-column is-layout-flow wp-block-column-is-layout-flow\">\n<p class=\"has-text-align-left has-colibri-color-6-color has-text-color has-link-color wp-elements-8d03f8a8db12c7bc40cae32e5a9ecea3\">D\u00e8s le lancement du festival en 2020, nous avons souhait\u00e9 qu\u2019il soit accompagn\u00e9 d\u2019un parrain. <strong>Cin\u00e9ma<\/strong>, <strong>litt\u00e9rature<\/strong>, amour de l\u2019Ouest am\u00e9ricain\u2026 Il ne nous a pas fallu longtemps pour nous arr\u00eater sur le nom de <strong>Fran\u00e7ois Busnel<\/strong>.&nbsp;<\/p>\n\n\n\n<p class=\"has-colibri-color-6-color has-text-color has-link-color wp-elements-148cd095f3f7755e896b18e4798a59ef\">L\u2019animateur qu\u2019il \u00e9tait alors de <a href=\"https:\/\/www.france.tv\/france-5\/la-grande-librairie\/\" target=\"_blank\" rel=\"noreferrer noopener\">la Grande Librairie<\/a> (France 5), le r\u00e9alisateur qui venait de tourner un documentaire sur l\u2019\u00e9crivain am\u00e9ricain culte <strong>Jim Harrison<\/strong> (<a href=\"https:\/\/boutique.arte.tv\/detail\/seule-la-terre-est-eternelle?srsltid=AfmBOorFVDlY71gOVO6BzZIy4ZPfAkjzNKTaPC9ARXFWXnY26zjhzTIU\" target=\"_blank\" rel=\"noreferrer noopener\"><em>Seule la terre est \u00e9ternelle<\/em><\/a>), l\u2019amoureux des grands espaces am\u00e9ricains qu\u2019il avait toujours \u00e9t\u00e9, \u00e9tait la personne id\u00e9ale.<\/p>\n\n\n\n<p class=\"has-colibri-color-6-color has-text-color has-link-color wp-elements-81da67b1bd69197b7f08f056bc2369cc\">Il nous a d\u2019abord dit \u201cnon\u201d\u2026 Nous avons entendu \u201cpeut-\u00eatre\u201d. Il nous a ensuite dit \u00ab\u00a0peut-\u00eatre\u00a0\u00bb et nous avons entendu <strong>OUI<\/strong>.&nbsp; Depuis la premi\u00e8re \u00e9dition, il accompagne fid\u00e8lement notre aventure, tant par sa pr\u00e9sence que par ses conseils et son aide. Qu\u2019il en soit remerci\u00e9.&nbsp;<\/p>\n\n\n\n<p class=\"has-colibri-color-6-color has-text-color has-link-color wp-elements-ef3166b75ca8b5f2088283e7287d1759\">\u00a0\u00bb <em>Longtemps, j\u2019ai cherch\u00e9 le paradis. Mon coin de paradis. Il y a quelques ann\u00e9es, je l\u2019ai trouv\u00e9 du c\u00f4t\u00e9 de la Yellowstone River, dans le Montana&nbsp;: un endroit sublime pr\u00e9cis\u00e9ment nomm\u00e9 Paradise Valley. C\u2019est loin.&nbsp;<\/em><\/p>\n\n\n\n<p class=\"has-colibri-color-6-color has-text-color has-link-color wp-elements-3d19844363e410510f6a1295c8a22e86\"><em>Et puis, un peu par hasard et en suivant la femme que j\u2019aime, j\u2019ai d\u00e9couvert un autre paradis, \u00e0 deux pas de la C\u00f4te Sauvage, le long d\u2019une plage aussi vaste que les prairies qui encerclent la Yellowstone, face \u00e0 une \u00eele magn\u00e9tique aux pierres sacr\u00e9es. D\u00e8s le premier jour, je me suis dit&nbsp;: Oui, c\u2019est le paradis. Depuis, j\u2019y ai pos\u00e9 mon kayak et je m\u2019y invite aussi souvent que je le peux.<\/em><\/p>\n\n\n\n<p class=\"has-colibri-color-6-color has-text-color has-link-color wp-elements-9ada7013309e85b1e0e771ff41796715\"><em>Du coup, entre Le Paradis de Quiberon et Paradise Valley, Montana, nous avons b\u00e2ti un pont en cr\u00e9ant le festival Grand West, un rassemblement qui permet aux saltimbanques de ces deux horizons de se retrouver, d\u2019\u00e9changer, d\u2019inventer ce qui donnera un jour un film ou un livre. Cr\u00e9er.<\/em><\/p>\n\n\n\n<p class=\"has-colibri-color-6-color has-text-color has-link-color wp-elements-44fc3468fbf1e075e5a4a9fc7d1994b4\"><em>Franchement, y a-t-il plus belle occupation, quand on est au Paradis&nbsp;?<\/em> \u00ab\u00a0<\/p>\n\n\n\n<p class=\"has-text-align-right has-colibri-color-6-color has-text-color has-link-color wp-elements-d435d3de3b5f03a253e6add69d34cbf4\"><strong>Fran\u00e7ois Busnel<\/strong><\/p>\n<\/div>\n\n\n\n<div class=\"wp-block-column is-layout-flow wp-block-column-is-layout-flow\">\n<figure class=\"wp-block-image size-large\"><img decoding=\"async\" width=\"682\" height=\"1024\" src=\"https:\/\/festivalgrandwest.com\/wp-content\/uploads\/2025\/08\/20201023-25-fgw0008-682x1024.jpg\" alt=\"\" class=\"wp-image-291\" srcset=\"https:\/\/festivalgrandwest.com\/wp-content\/uploads\/2025\/08\/20201023-25-fgw0008-682x1024.jpg 682w, https:\/\/festivalgrandwest.com\/wp-content\/uploads\/2025\/08\/20201023-25-fgw0008-200x300.jpg 200w, https:\/\/festivalgrandwest.com\/wp-content\/uploads\/2025\/08\/20201023-25-fgw0008-768x1152.jpg 768w, https:\/\/festivalgrandwest.com\/wp-content\/uploads\/2025\/08\/20201023-25-fgw0008-1024x1536.jpg 1024w, https:\/\/festivalgrandwest.com\/wp-content\/uploads\/2025\/08\/20201023-25-fgw0008.jpg 1181w\" sizes=\"(max-width: 682px) 100vw, 682px\" \/><\/figure>\n<\/div>\n<\/div>\n\n\n\n<div style=\"height:100px\" aria-hidden=\"true\" class=\"wp-block-spacer\"><\/div>\n\n\n\n<p class=\"has-colibri-color-6-color has-text-color has-link-color wp-elements-b6dd71a42e04cfb03cacc60a336aab5f\" style=\"font-size:33px;font-style:normal;font-weight:700\"><strong>Dans les m\u00e9dias<\/strong><\/p>\n\n\n\n<div style=\"height:10px\" aria-hidden=\"true\" class=\"wp-block-spacer\"><\/div>\n\n\n\n<div class=\"wp-block-columns is-layout-flex wp-container-core-columns-is-layout-9d6595d7 wp-block-columns-is-layout-flex\">\n<div class=\"wp-block-column is-layout-flow wp-block-column-is-layout-flow\">\n<figure data-wp-context=\"{&quot;imageId&quot;:&quot;69f3bb7512c5e&quot;}\" data-wp-interactive=\"core\/image\" data-wp-key=\"69f3bb7512c5e\" class=\"wp-block-image size-full wp-lightbox-container\"><img decoding=\"async\" width=\"918\" height=\"632\" data-wp-class--hide=\"state.isContentHidden\" data-wp-class--show=\"state.isContentVisible\" data-wp-init=\"callbacks.setButtonStyles\" data-wp-on--click=\"actions.showLightbox\" data-wp-on--load=\"callbacks.setButtonStyles\" data-wp-on-window--resize=\"callbacks.setButtonStyles\" src=\"https:\/\/festivalgrandwest.com\/wp-content\/uploads\/2025\/09\/Ecran-Total-081123.jpg\" alt=\"\" class=\"wp-image-552\" srcset=\"https:\/\/festivalgrandwest.com\/wp-content\/uploads\/2025\/09\/Ecran-Total-081123.jpg 918w, https:\/\/festivalgrandwest.com\/wp-content\/uploads\/2025\/09\/Ecran-Total-081123-300x207.jpg 300w, https:\/\/festivalgrandwest.com\/wp-content\/uploads\/2025\/09\/Ecran-Total-081123-768x529.jpg 768w\" sizes=\"(max-width: 918px) 100vw, 918px\" \/><button\n\t\t\tclass=\"lightbox-trigger\"\n\t\t\ttype=\"button\"\n\t\t\taria-haspopup=\"dialog\"\n\t\t\taria-label=\"Enlarge\"\n\t\t\tdata-wp-init=\"callbacks.initTriggerButton\"\n\t\t\tdata-wp-on--click=\"actions.showLightbox\"\n\t\t\tdata-wp-style--right=\"state.imageButtonRight\"\n\t\t\tdata-wp-style--top=\"state.imageButtonTop\"\n\t\t>\n\t\t\t<svg xmlns=\"http:\/\/www.w3.org\/2000\/svg\" width=\"12\" height=\"12\" fill=\"none\" viewbox=\"0 0 12 12\">\n\t\t\t\t<path fill=\"#fff\" d=\"M2 0a2 2 0 0 0-2 2v2h1.5V2a.5.5 0 0 1 .5-.5h2V0H2Zm2 10.5H2a.5.5 0 0 1-.5-.5V8H0v2a2 2 0 0 0 2 2h2v-1.5ZM8 12v-1.5h2a.5.5 0 0 0 .5-.5V8H12v2a2 2 0 0 1-2 2H8Zm2-12a2 2 0 0 1 2 2v2h-1.5V2a.5.5 0 0 0-.5-.5H8V0h2Z\" \/>\n\t\t\t<\/svg>\n\t\t<\/button><\/figure>\n\n\n\n<p><a href=\"https:\/\/ecran-total.fr\/2023\/11\/08\/la-vie-des-salles-le-paradis-est-a-quiberon\/\" target=\"_blank\" rel=\"noreferrer noopener\">Ecran total <\/a><\/p>\n<\/div>\n\n\n\n<div class=\"wp-block-column is-layout-flow wp-block-column-is-layout-flow\">\n<figure data-wp-context=\"{&quot;imageId&quot;:&quot;69f3bb7513271&quot;}\" data-wp-interactive=\"core\/image\" data-wp-key=\"69f3bb7513271\" class=\"wp-block-image size-full wp-lightbox-container\"><img decoding=\"async\" width=\"750\" height=\"889\" data-wp-class--hide=\"state.isContentHidden\" data-wp-class--show=\"state.isContentVisible\" data-wp-init=\"callbacks.setButtonStyles\" data-wp-on--click=\"actions.showLightbox\" data-wp-on--load=\"callbacks.setButtonStyles\" data-wp-on-window--resize=\"callbacks.setButtonStyles\" src=\"https:\/\/festivalgrandwest.com\/wp-content\/uploads\/2025\/09\/Le-Telegramme-311024.jpg\" alt=\"\" class=\"wp-image-551\" srcset=\"https:\/\/festivalgrandwest.com\/wp-content\/uploads\/2025\/09\/Le-Telegramme-311024.jpg 750w, https:\/\/festivalgrandwest.com\/wp-content\/uploads\/2025\/09\/Le-Telegramme-311024-253x300.jpg 253w\" sizes=\"(max-width: 750px) 100vw, 750px\" \/><button\n\t\t\tclass=\"lightbox-trigger\"\n\t\t\ttype=\"button\"\n\t\t\taria-haspopup=\"dialog\"\n\t\t\taria-label=\"Enlarge\"\n\t\t\tdata-wp-init=\"callbacks.initTriggerButton\"\n\t\t\tdata-wp-on--click=\"actions.showLightbox\"\n\t\t\tdata-wp-style--right=\"state.imageButtonRight\"\n\t\t\tdata-wp-style--top=\"state.imageButtonTop\"\n\t\t>\n\t\t\t<svg xmlns=\"http:\/\/www.w3.org\/2000\/svg\" width=\"12\" height=\"12\" fill=\"none\" viewbox=\"0 0 12 12\">\n\t\t\t\t<path fill=\"#fff\" d=\"M2 0a2 2 0 0 0-2 2v2h1.5V2a.5.5 0 0 1 .5-.5h2V0H2Zm2 10.5H2a.5.5 0 0 1-.5-.5V8H0v2a2 2 0 0 0 2 2h2v-1.5ZM8 12v-1.5h2a.5.5 0 0 0 .5-.5V8H12v2a2 2 0 0 1-2 2H8Zm2-12a2 2 0 0 1 2 2v2h-1.5V2a.5.5 0 0 0-.5-.5H8V0h2Z\" \/>\n\t\t\t<\/svg>\n\t\t<\/button><\/figure>\n\n\n\n<p><a href=\"https:\/\/www.letelegramme.fr\/\" target=\"_blank\" rel=\"noreferrer noopener\">Le T\u00e9l\u00e9gramme<\/a><\/p>\n<\/div>\n\n\n\n<div class=\"wp-block-column is-layout-flow wp-block-column-is-layout-flow\">\n<figure data-wp-context=\"{&quot;imageId&quot;:&quot;69f3bb7513808&quot;}\" data-wp-interactive=\"core\/image\" data-wp-key=\"69f3bb7513808\" class=\"wp-block-image size-full wp-lightbox-container\"><img decoding=\"async\" width=\"1024\" height=\"757\" data-wp-class--hide=\"state.isContentHidden\" data-wp-class--show=\"state.isContentVisible\" data-wp-init=\"callbacks.setButtonStyles\" data-wp-on--click=\"actions.showLightbox\" data-wp-on--load=\"callbacks.setButtonStyles\" data-wp-on-window--resize=\"callbacks.setButtonStyles\" src=\"https:\/\/festivalgrandwest.com\/wp-content\/uploads\/2025\/09\/Ouest-France-291024.jpg\" alt=\"\" class=\"wp-image-550\" srcset=\"https:\/\/festivalgrandwest.com\/wp-content\/uploads\/2025\/09\/Ouest-France-291024.jpg 1024w, https:\/\/festivalgrandwest.com\/wp-content\/uploads\/2025\/09\/Ouest-France-291024-300x222.jpg 300w, https:\/\/festivalgrandwest.com\/wp-content\/uploads\/2025\/09\/Ouest-France-291024-768x568.jpg 768w\" sizes=\"(max-width: 1024px) 100vw, 1024px\" \/><button\n\t\t\tclass=\"lightbox-trigger\"\n\t\t\ttype=\"button\"\n\t\t\taria-haspopup=\"dialog\"\n\t\t\taria-label=\"Enlarge\"\n\t\t\tdata-wp-init=\"callbacks.initTriggerButton\"\n\t\t\tdata-wp-on--click=\"actions.showLightbox\"\n\t\t\tdata-wp-style--right=\"state.imageButtonRight\"\n\t\t\tdata-wp-style--top=\"state.imageButtonTop\"\n\t\t>\n\t\t\t<svg xmlns=\"http:\/\/www.w3.org\/2000\/svg\" width=\"12\" height=\"12\" fill=\"none\" viewbox=\"0 0 12 12\">\n\t\t\t\t<path fill=\"#fff\" d=\"M2 0a2 2 0 0 0-2 2v2h1.5V2a.5.5 0 0 1 .5-.5h2V0H2Zm2 10.5H2a.5.5 0 0 1-.5-.5V8H0v2a2 2 0 0 0 2 2h2v-1.5ZM8 12v-1.5h2a.5.5 0 0 0 .5-.5V8H12v2a2 2 0 0 1-2 2H8Zm2-12a2 2 0 0 1 2 2v2h-1.5V2a.5.5 0 0 0-.5-.5H8V0h2Z\" \/>\n\t\t\t<\/svg>\n\t\t<\/button><\/figure>\n\n\n\n<p><a href=\"https:\/\/www.ouest-france.fr\/recherche\/#!r\/requete=Festival%20Grand%20West\" target=\"_blank\" rel=\"noreferrer noopener\">Ouest-France<\/a><\/p>\n<\/div>\n<\/div>\n\n\n\n<div style=\"height:100px\" aria-hidden=\"true\" class=\"wp-block-spacer\"><\/div>\n\n\n\n<div class=\"wp-block-columns has-colibri-color-5-background-color has-background is-layout-flex wp-container-core-columns-is-layout-9d6595d7 wp-block-columns-is-layout-flex\">\n<div class=\"wp-block-column is-layout-flow wp-block-column-is-layout-flow\" style=\"flex-basis:33.33%\"><div class=\"wp-block-image\">\n<figure class=\"aligncenter size-full is-resized\"><a href=\"https:\/\/www.radiofrance.fr\/franceinter\/podcasts\/le-grand-atelier\" target=\"_blank\" rel=\" noreferrer noopener\"><img decoding=\"async\" width=\"400\" height=\"400\" src=\"https:\/\/festivalgrandwest.com\/wp-content\/uploads\/2025\/09\/400x400_sc_le-grand-atelier.jpg\" alt=\"\" class=\"wp-image-558\" style=\"width:193px;height:auto\" srcset=\"https:\/\/festivalgrandwest.com\/wp-content\/uploads\/2025\/09\/400x400_sc_le-grand-atelier.jpg 400w, https:\/\/festivalgrandwest.com\/wp-content\/uploads\/2025\/09\/400x400_sc_le-grand-atelier-300x300.jpg 300w, https:\/\/festivalgrandwest.com\/wp-content\/uploads\/2025\/09\/400x400_sc_le-grand-atelier-150x150.jpg 150w\" sizes=\"(max-width: 400px) 100vw, 400px\" \/><\/a><\/figure>\n<\/div><\/div>\n\n\n\n<div class=\"wp-block-column is-vertically-aligned-center is-layout-flow wp-block-column-is-layout-flow\" style=\"flex-basis:66.66%\">\n<figure class=\"wp-block-audio\"><audio controls src=\"https:\/\/festivalgrandwest.com\/wp-content\/uploads\/2025\/09\/LE-GRAND-ATELIER-FESTIVAL_QUIBERON.mp3\"><\/audio><\/figure>\n<\/div>\n<\/div>\n\n\n\n<div style=\"height:100px\" aria-hidden=\"true\" class=\"wp-block-spacer\"><\/div>\n\n\n\n<div class=\"wp-block-columns is-layout-flex wp-container-core-columns-is-layout-9d6595d7 wp-block-columns-is-layout-flex\">\n<div class=\"wp-block-column is-layout-flow wp-block-column-is-layout-flow\">\n<figure class=\"wp-block-image size-full is-resized\"><a href=\"https:\/\/actu.fr\/bretagne\/quiberon_56186\/quiberon-projections-de-films-conferences-tout-un-programme-pour-le-festival-grand-west_45789304.html\" target=\"_blank\" rel=\" noreferrer noopener\"><img decoding=\"async\" width=\"902\" height=\"950\" src=\"https:\/\/festivalgrandwest.com\/wp-content\/uploads\/2025\/09\/Capture-decran-2025-09-02-192420.jpg\" alt=\"\" class=\"wp-image-555\" style=\"width:247px;height:auto\" srcset=\"https:\/\/festivalgrandwest.com\/wp-content\/uploads\/2025\/09\/Capture-decran-2025-09-02-192420.jpg 902w, https:\/\/festivalgrandwest.com\/wp-content\/uploads\/2025\/09\/Capture-decran-2025-09-02-192420-285x300.jpg 285w, https:\/\/festivalgrandwest.com\/wp-content\/uploads\/2025\/09\/Capture-decran-2025-09-02-192420-768x809.jpg 768w\" sizes=\"(max-width: 902px) 100vw, 902px\" \/><\/a><\/figure>\n\n\n\n<p><a href=\"https:\/\/actu.fr\/cinema\" target=\"_blank\" rel=\"noreferrer noopener\">Actu Morbihan<\/a><\/p>\n<\/div>\n\n\n\n<div class=\"wp-block-column is-layout-flow wp-block-column-is-layout-flow\">\n<figure class=\"wp-block-image size-large is-resized\"><a href=\"https:\/\/delaplumealecran.org\/spip.php?article368\" target=\"_blank\" rel=\" noreferrer noopener\"><img decoding=\"async\" width=\"1024\" height=\"1017\" src=\"https:\/\/festivalgrandwest.com\/wp-content\/uploads\/2025\/09\/Capture-decran-2025-09-02-192559-1024x1017.png\" alt=\"\" class=\"wp-image-556\" style=\"width:241px;height:auto\" srcset=\"https:\/\/festivalgrandwest.com\/wp-content\/uploads\/2025\/09\/Capture-decran-2025-09-02-192559-1024x1017.png 1024w, https:\/\/festivalgrandwest.com\/wp-content\/uploads\/2025\/09\/Capture-decran-2025-09-02-192559-300x298.png 300w, https:\/\/festivalgrandwest.com\/wp-content\/uploads\/2025\/09\/Capture-decran-2025-09-02-192559-150x150.png 150w, https:\/\/festivalgrandwest.com\/wp-content\/uploads\/2025\/09\/Capture-decran-2025-09-02-192559-768x763.png 768w, https:\/\/festivalgrandwest.com\/wp-content\/uploads\/2025\/09\/Capture-decran-2025-09-02-192559.png 1072w\" sizes=\"(max-width: 1024px) 100vw, 1024px\" \/><\/a><\/figure>\n\n\n\n<p><a href=\"https:\/\/delaplumealecran.org\/\">De la Plume \u00e0 l&rsquo;\u00e9cra<\/a><a href=\"https:\/\/delaplumealecran.org\/\" target=\"_blank\" rel=\"noreferrer noopener\">n<\/a><\/p>\n<\/div>\n\n\n\n<div class=\"wp-block-column is-layout-flow wp-block-column-is-layout-flow\">\n<figure class=\"wp-block-image size-large\"><a href=\"https:\/\/demeuresmarines.com\/le-journal\/festival-grand-west-a-quiberon\/\" target=\"_blank\" rel=\" noreferrer noopener\"><img decoding=\"async\" width=\"1024\" height=\"583\" src=\"https:\/\/festivalgrandwest.com\/wp-content\/uploads\/2025\/09\/Capture-decran-2025-09-02-192715-1024x583.jpg\" alt=\"\" class=\"wp-image-557\" srcset=\"https:\/\/festivalgrandwest.com\/wp-content\/uploads\/2025\/09\/Capture-decran-2025-09-02-192715-1024x583.jpg 1024w, https:\/\/festivalgrandwest.com\/wp-content\/uploads\/2025\/09\/Capture-decran-2025-09-02-192715-300x171.jpg 300w, https:\/\/festivalgrandwest.com\/wp-content\/uploads\/2025\/09\/Capture-decran-2025-09-02-192715-768x437.jpg 768w, https:\/\/festivalgrandwest.com\/wp-content\/uploads\/2025\/09\/Capture-decran-2025-09-02-192715-1536x874.jpg 1536w, https:\/\/festivalgrandwest.com\/wp-content\/uploads\/2025\/09\/Capture-decran-2025-09-02-192715.jpg 1618w\" sizes=\"(max-width: 1024px) 100vw, 1024px\" \/><\/a><\/figure>\n\n\n\n<p><a href=\"https:\/\/demeuresmarines.com\/le-journal\/festival-grand-west-a-quiberon\/\" target=\"_blank\" rel=\"noreferrer noopener\">Demeures marines<\/a><\/p>\n<\/div>\n<\/div>","protected":false},"excerpt":{"rendered":"<p>Le Festival Grand West Le Festival Grand West est n\u00e9 en 2020 \u00e0 [&hellip;]<\/p>","protected":false},"author":1,"featured_media":14,"parent":0,"menu_order":0,"comment_status":"closed","ping_status":"closed","template":"","meta":{"footnotes":""},"class_list":["post-20","page","type-page","status-publish","has-post-thumbnail","hentry"],"_links":{"self":[{"href":"https:\/\/festivalgrandwest.com\/en\/wp-json\/wp\/v2\/pages\/20","targetHints":{"allow":["GET"]}}],"collection":[{"href":"https:\/\/festivalgrandwest.com\/en\/wp-json\/wp\/v2\/pages"}],"about":[{"href":"https:\/\/festivalgrandwest.com\/en\/wp-json\/wp\/v2\/types\/page"}],"author":[{"embeddable":true,"href":"https:\/\/festivalgrandwest.com\/en\/wp-json\/wp\/v2\/users\/1"}],"replies":[{"embeddable":true,"href":"https:\/\/festivalgrandwest.com\/en\/wp-json\/wp\/v2\/comments?post=20"}],"version-history":[{"count":46,"href":"https:\/\/festivalgrandwest.com\/en\/wp-json\/wp\/v2\/pages\/20\/revisions"}],"predecessor-version":[{"id":1563,"href":"https:\/\/festivalgrandwest.com\/en\/wp-json\/wp\/v2\/pages\/20\/revisions\/1563"}],"wp:featuredmedia":[{"embeddable":true,"href":"https:\/\/festivalgrandwest.com\/en\/wp-json\/wp\/v2\/media\/14"}],"wp:attachment":[{"href":"https:\/\/festivalgrandwest.com\/en\/wp-json\/wp\/v2\/media?parent=20"}],"curies":[{"name":"wp","href":"https:\/\/api.w.org\/{rel}","templated":true}]}}